{"id":465,"date":"2014-03-27T19:33:24","date_gmt":"2014-03-27T17:33:24","guid":{"rendered":"http:\/\/www.lachmayer.eu\/?page_id=465"},"modified":"2022-12-03T10:02:43","modified_gmt":"2022-12-03T09:02:43","slug":"person","status":"publish","type":"page","link":"https:\/\/www.lachmayer.eu\/de\/person\/","title":{"rendered":"Person"},"content":{"rendered":"<div id=\"pl-465\"  class=\"panel-layout\" ><div id=\"pg-465-0\"  class=\"panel-grid panel-no-style\" ><div id=\"pgc-465-0-0\"  class=\"panel-grid-cell\" ><div id=\"panel-465-0-0-0\" class=\"so-panel widget widget_sow-image panel-first-child panel-last-child\" data-index=\"0\" ><div\n\t\t\t\n\t\t\tclass=\"so-widget-sow-image so-widget-sow-image-default-8b5b6f678277-465\"\n\t\t\t\n\t\t>\n<div class=\"sow-image-container\">\n\t\t<img \n\tsrc=\"https:\/\/www.lachmayer.eu\/wp-content\/uploads\/2021\/09\/Lachm.2106.042.crop-1-1-310x450.jpg\" width=\"310\" height=\"450\" sizes=\"(max-width: 310px) 100vw, 310px\" title=\"Lachm.2106.042.crop\" alt=\"\" \t\tclass=\"so-widget-image\"\/>\n\t<\/div>\n\n<\/div><\/div><\/div><div id=\"pgc-465-0-1\"  class=\"panel-grid-cell\" ><div id=\"panel-465-0-1-0\" class=\"so-panel widget widget_sow-editor panel-first-child panel-last-child\" data-index=\"1\" ><div\n\t\t\t\n\t\t\tclass=\"so-widget-sow-editor so-widget-sow-editor-base\"\n\t\t\t\n\t\t>\n<div class=\"siteorigin-widget-tinymce textwidget\">\n\t<p class=\"tm8\"><strong><span class=\"Fett\">Konrad Lachmayer<\/span><\/strong><span class=\"tm9\"> ist Professor f\u00fcr \u00d6ffentliches Recht, Europarecht und Grundlagen des Rechts an der Fakult\u00e4t f\u00fcr Rechtswissenschaften und Vizedekan der Fakult\u00e4t f\u00fcr Rechtswissenschaften der <\/span><u><a href=\"https:\/\/jus.sfu.ac.at\/de\/\" target=\"_blank\" rel=\"noopener\"><span class=\"tm9\">Sigmund Freud PrivatUniversit\u00e4t (SFU)<\/span><\/a><\/u><span class=\"tm9\">\u00a0in Wien.<\/span><\/p>\n<\/div>\n<\/div><\/div><\/div><\/div><div id=\"pg-465-1\"  class=\"panel-grid panel-no-style\" ><div id=\"pgc-465-1-0\"  class=\"panel-grid-cell\" ><div id=\"panel-465-1-0-0\" class=\"so-panel widget widget_sow-accordion panel-first-child panel-last-child\" data-index=\"2\" ><div\n\t\t\t\n\t\t\tclass=\"so-widget-sow-accordion so-widget-sow-accordion-default-0b16093de074-465\"\n\t\t\t\n\t\t><div>\n\t<div class=\"sow-accordion\">\n\t\t\t<div class=\"sow-accordion-panel\n\t\t\t\t\"\n\t\t\tdata-anchor-id=\"kurzbiografie\">\n\t\t\t\t<div class=\"sow-accordion-panel-header-container\" role=\"heading\" aria-level=\"2\">\n\t\t\t\t\t<div class=\"sow-accordion-panel-header\" tabindex=\"0\" role=\"button\" id=\"accordion-label-kurzbiografie\" aria-controls=\"accordion-content-kurzbiografie\" aria-expanded=\"false\">\n\t\t\t\t\t\t<div class=\"sow-accordion-title sow-accordion-title-icon-left\">\n\t\t\t\t\t\t\t\t\t\t\t\t\t\tKurzbiografie\t\t\t\t\t\t\t\t\t\t\t\t\t<\/div>\n\t\t\t\t\t\t<div class=\"sow-accordion-open-close-button\">\n\t\t\t\t\t\t\t<div class=\"sow-accordion-open-button\">\n\t\t\t\t\t\t\t\t<span class=\"sow-icon-ionicons\" data-sow-icon=\"&#xf218;\"\n\t\t \n\t\taria-hidden=\"true\"><\/span>\t\t\t\t\t\t\t<\/div>\n\t\t\t\t\t\t\t<div class=\"sow-accordion-close-button\">\n\t\t\t\t\t\t\t\t<span class=\"sow-icon-ionicons\" data-sow-icon=\"&#xf209;\"\n\t\t \n\t\taria-hidden=\"true\"><\/span>\t\t\t\t\t\t\t<\/div>\n\t\t\t\t\t\t<\/div>\n\t\t\t\t\t<\/div>\n\t\t\t\t<\/div>\n\n\t\t\t<div\n\t\t\t\tclass=\"sow-accordion-panel-content\"\n\t\t\t\trole=\"region\"\n\t\t\t\taria-labelledby=\"accordion-label-kurzbiografie\"\n\t\t\t\tid=\"accordion-content-kurzbiografie\"\n\t\t\t\tstyle=\"display: none;\"\t\t\t>\n\t\t\t\t<div class=\"sow-accordion-panel-border\">\n\t\t\t\t\t<p class=\"Normal_Web_\">Prof. Lachmayer studierte Rechtswissenschaften an der\u00a0<u><a href=\"https:\/\/www.univie.ac.at\/\" target=\"_blank\" rel=\"noopener\">Universit\u00e4t Wien<\/a><\/u>\u00a0und promovierte am Institut f\u00fcr Staats- und Verwaltungsrecht der Fakult\u00e4t f\u00fcr Rechtswissenschaften an der Universit\u00e4t Wien. Er verbrachte Forschungsaufenthalte an der\u00a0\u00a0<u><a href=\"https:\/\/www.law.cam.ac.uk\/\" target=\"_blank\" rel=\"noopener\">University of Cambridge<\/a><\/u>, dem\u00a0<u><a href=\"http:\/\/www.mpil.de\/de\/pub\/aktuelles.cfm\" target=\"_blank\" rel=\"noopener\">Max-Planck-Institut f\u00fcr ausl\u00e4ndisches \u00f6ffentliches Recht und V\u00f6lkerrecht<\/a><\/u>\u00a0in Heidelberg und an der\u00a0<u><a href=\"http:\/\/legal.ceu.edu\/\" target=\"_blank\" rel=\"noopener\">Central European University\u00a0<\/a><\/u>in Budapest.<\/p>\n<p class=\"Normal_Web_\">Im Jahr 2010 wurde Konrad Lachmayer die Venia aus Verfassungsrecht, Verwaltungsrecht und Europarecht verliehen. Von 2013\/14 bis 2016 war er als Akademischer Rat am\u00a0<u><a href=\"http:\/\/jog.tk.mta.hu\/en\" target=\"_blank\" rel=\"noopener\">Institut f\u00fcr Rechtswissenschaften der ungarischen Akademie der Wissenschaften\u00a0<\/a><\/u>t\u00e4tig bzw Research Fellow an der\u00a0<u><a href=\"https:\/\/www.dur.ac.uk\/law\/\" target=\"_blank\" rel=\"noopener\">Durham Law School\u00a0<\/a><\/u>in England t\u00e4tig.\u00a0In weiterer Folge war er Visiting Fellow der Durham Law School. Seit 2017 ist er Universit\u00e4tsprofessor f\u00fcr \u00d6ffentliches Recht, Europarecht und Grundlagen des Rechts an der Fakult\u00e4t f\u00fcr Rechtswissenschaften Rechtswissenschaften der\u00a0<u><a href=\"https:\/\/jus.sfu.ac.at\/de\/\" target=\"_blank\" rel=\"noopener\">Sigmund Freud PrivatUniversit\u00e4t (SFU)<\/a><\/u>\u00a0in Wien.<\/p>\n\t\t\t\t<\/div>\n\t\t\t<\/div>\n\t\t<\/div>\n\t\t\t<div class=\"sow-accordion-panel\n\t\t\t\t\"\n\t\t\tdata-anchor-id=\"forschung-und-lehre\">\n\t\t\t\t<div class=\"sow-accordion-panel-header-container\" role=\"heading\" aria-level=\"2\">\n\t\t\t\t\t<div class=\"sow-accordion-panel-header\" tabindex=\"0\" role=\"button\" id=\"accordion-label-forschung-und-lehre\" aria-controls=\"accordion-content-forschung-und-lehre\" aria-expanded=\"false\">\n\t\t\t\t\t\t<div class=\"sow-accordion-title sow-accordion-title-icon-left\">\n\t\t\t\t\t\t\t\t\t\t\t\t\t\tForschung und Lehre\t\t\t\t\t\t\t\t\t\t\t\t\t<\/div>\n\t\t\t\t\t\t<div class=\"sow-accordion-open-close-button\">\n\t\t\t\t\t\t\t<div class=\"sow-accordion-open-button\">\n\t\t\t\t\t\t\t\t<span class=\"sow-icon-ionicons\" data-sow-icon=\"&#xf218;\"\n\t\t \n\t\taria-hidden=\"true\"><\/span>\t\t\t\t\t\t\t<\/div>\n\t\t\t\t\t\t\t<div class=\"sow-accordion-close-button\">\n\t\t\t\t\t\t\t\t<span class=\"sow-icon-ionicons\" data-sow-icon=\"&#xf209;\"\n\t\t \n\t\taria-hidden=\"true\"><\/span>\t\t\t\t\t\t\t<\/div>\n\t\t\t\t\t\t<\/div>\n\t\t\t\t\t<\/div>\n\t\t\t\t<\/div>\n\n\t\t\t<div\n\t\t\t\tclass=\"sow-accordion-panel-content\"\n\t\t\t\trole=\"region\"\n\t\t\t\taria-labelledby=\"accordion-label-forschung-und-lehre\"\n\t\t\t\tid=\"accordion-content-forschung-und-lehre\"\n\t\t\t\tstyle=\"display: none;\"\t\t\t>\n\t\t\t\t<div class=\"sow-accordion-panel-border\">\n\t\t\t\t\t<p>Prof. Lachmayer verfasste \u00fcber 150 wissenschaftliche Beitr\u00e4ge in \u00f6sterreichischen wie internationalen Fachzeitschriften und Sammelb\u00e4nden und hielt \u00fcber 200 (Impuls)Vortr\u00e4ge in 30 unterschiedlichen L\u00e4ndern; dar\u00fcber hinaus organisierte er 50 Konferenzen, Panels oder Veranstaltungen. Seine Forschung besch\u00e4ftigt sich mit Fragen der Demokratie und Rechtsstaatlichkeit, Vergleichendem Verfassungs- und Verwaltungsrecht sowie \u00d6ffentlichem Wirtschafts-, Umwelt- und Technikrecht.<\/p>\n<p>Seit 20 Jahren lehrt Konrad Lachmayer mit gro\u00dfem Enthusiasmus und wirkt dabei immer wieder an der Entwicklung von neuen Lehr-\/Lernformaten mit. Lehrveranstaltungen f\u00fchrt er derzeit an der Sigmund Freud Privatuniversit\u00e4t durch und kann in \u00d6sterreich auf Lehrerfahrung an der Universit\u00e4t Wien, der Montanuniversit\u00e4t Leoben und der Donau-Universit\u00e4t Krems verweisen. International f\u00fchrte er Lehrveranstaltungen bzw Guest Lectures in England, Indien, Irland, Italien, Liechtenstein, Norwegen, Rum\u00e4nien, der Slowakei und Ungarn durch. Thematisch reichen die Lehrveranstaltungen von \u00f6sterreichischem \u00d6ffentlichen Recht \u00fcber Unionsrecht, Verfassungsvergleichung und Internationalem Umweltrecht bis hin zu Grundlagenveranstaltungen zur juristischen Methodik, Rechtsvergleichung und Rechtsethik. Einen besonderen Schwerpunkt nimmt f\u00fcr ihn auch die Rechtsdidaktik ein.<\/p>\n\t\t\t\t<\/div>\n\t\t\t<\/div>\n\t\t<\/div>\n\t\t\t<div class=\"sow-accordion-panel\n\t\t\t\t\"\n\t\t\tdata-anchor-id=\"review-und-board-taetigkeiten\">\n\t\t\t\t<div class=\"sow-accordion-panel-header-container\" role=\"heading\" aria-level=\"2\">\n\t\t\t\t\t<div class=\"sow-accordion-panel-header\" tabindex=\"0\" role=\"button\" id=\"accordion-label-review-und-board-t%c3%a4tigkeiten\" aria-controls=\"accordion-content-review-und-board-t%c3%a4tigkeiten\" aria-expanded=\"false\">\n\t\t\t\t\t\t<div class=\"sow-accordion-title sow-accordion-title-icon-left\">\n\t\t\t\t\t\t\t\t\t\t\t\t\t\tReview und Board T\u00e4tigkeiten\t\t\t\t\t\t\t\t\t\t\t\t\t<\/div>\n\t\t\t\t\t\t<div class=\"sow-accordion-open-close-button\">\n\t\t\t\t\t\t\t<div class=\"sow-accordion-open-button\">\n\t\t\t\t\t\t\t\t<span class=\"sow-icon-ionicons\" data-sow-icon=\"&#xf218;\"\n\t\t \n\t\taria-hidden=\"true\"><\/span>\t\t\t\t\t\t\t<\/div>\n\t\t\t\t\t\t\t<div class=\"sow-accordion-close-button\">\n\t\t\t\t\t\t\t\t<span class=\"sow-icon-ionicons\" data-sow-icon=\"&#xf209;\"\n\t\t \n\t\taria-hidden=\"true\"><\/span>\t\t\t\t\t\t\t<\/div>\n\t\t\t\t\t\t<\/div>\n\t\t\t\t\t<\/div>\n\t\t\t\t<\/div>\n\n\t\t\t<div\n\t\t\t\tclass=\"sow-accordion-panel-content\"\n\t\t\t\trole=\"region\"\n\t\t\t\taria-labelledby=\"accordion-label-review-und-board-t%c3%a4tigkeiten\"\n\t\t\t\tid=\"accordion-content-review-und-board-t%c3%a4tigkeiten\"\n\t\t\t\tstyle=\"display: none;\"\t\t\t>\n\t\t\t\t<div class=\"sow-accordion-panel-border\">\n\t\t\t\t\t<p class=\"Normal_Web_\">Prof. Lachmayer wird regelm\u00e4\u00dfig als Reviewer f\u00fcr Journals, Verlage oder Forschungsorganisationen t\u00e4tig, so bisher unter anderem f\u00fcr das\u00a0<u><a href=\"https:\/\/www.icl-journal.com\/\" target=\"_blank\" rel=\"noopener\">Vienna Journal of International Constitutional Law<\/a><\/u>, die\u00a0<u><a href=\"https:\/\/www.verlagoesterreich.at\/zeitschrift-fuer-oeffentliches-recht-0948-4396\" target=\"_blank\" rel=\"noopener\">Zeitschrift f\u00fcr \u00d6ffentliches Recht<\/a><\/u>, das\u00a0<u><a href=\"https:\/\/alj.uni-graz.at\/index.php\/alj\" target=\"_blank\" rel=\"noopener\">Austrian Law Journal<\/a><\/u>, den\u00a0<u><a href=\"https:\/\/www.cambridge.org\/core\/journals\/israel-law-review\" target=\"_blank\" rel=\"noopener\">Israel Law Review<\/a><\/u>,\u00a0<u><a href=\"https:\/\/www.springer.com\/journal\/11569\" target=\"_blank\" rel=\"noopener\">NanoEthics<\/a><\/u>,\u00a0<u><a href=\"http:\/\/www.on-federalism.eu\/index.php\" target=\"_blank\" rel=\"noopener\">Perspectives on Federalism<\/a><\/u>,\u00a0\u00a0<u><a href=\"https:\/\/www.cambridge.org\/core\/journals\/government-and-opposition\" target=\"_blank\" rel=\"noopener\">Government and Opposition<\/a><\/u>,\u00a0<u><a href=\"https:\/\/www.routledge.com\/\" target=\"_blank\" rel=\"noopener\">Routledge Publishing<\/a><\/u>,\u00a0<a href=\"https:\/\/www.e-elgar.com\/\" target=\"_blank\" rel=\"noopener\">Edward Elgar Publishing<\/a>,\u00a0\u00a0<u><a href=\"https:\/\/czasopisma.inp.pan.pl\/index.php\/cceel\/index\" target=\"_blank\" rel=\"noopener\">Journal Contemporary Central &amp; East European Law<\/a><\/u>, den <a href=\"https:\/\/erc.europa.eu\/homepage\" target=\"_blank\" rel=\"noopener\">European Research Council (ERC)<\/a>, die <u><a href=\"https:\/\/www.oefg.at\/\" target=\"_blank\" rel=\"noopener\">\u00d6sterreichische Forschungsgemeinschaft<\/a><\/u>, den\u00a0<u><a href=\"http:\/\/www.snf.ch\/de\/Seiten\/default.aspx\" target=\"_blank\" rel=\"noopener\">Schweizer Nationalfonds<\/a><\/u>, des Wissenschaftsfonds\u00a0<u><a href=\"https:\/\/www.fnr.lu\/\" target=\"_blank\" rel=\"noopener\">Luxembourg National Research Fund (FNR)<\/a><\/u> und die <u><a href=\"https:\/\/www.esf.org\/\" target=\"_blank\" rel=\"noopener\">European Science Foundation (ESF)<\/a><\/u>\u00a0\u2013\u00a0<u><a href=\"https:\/\/www.fwo.be\/en\/\" target=\"_blank\" rel=\"noopener\">Flanders Research Foundation (FWO)<\/a><\/u>. Von 2022 bis 2024 ist Konrad Lachmayer Mitglied des FWO Review College.<\/p>\n<p class=\"Normal_Web_\">Konrad Lachmayer ist Mitglied des Editorial Boards des\u00a0<u><span class=\"Hyperlink\">I<\/span><a href=\"https:\/\/brill.com\/view\/journals\/parl\/parl-overview.xml?language=en&amp;contents=About\" target=\"_blank\" rel=\"noopener\">nternational Journal of Parliamentary Studies<\/a><\/u>\u00a0(Brill), des Board of Advisors des\u00a0<u><a href=\"https:\/\/www.degruyter.com\/journal\/key\/ICL\/html\" target=\"_blank\" rel=\"noopener\">Vienna Journal on International Constitutional Law<\/a><\/u>\u00a0(De Gruyter), des Editorial Board des\u00a0<u><a href=\"https:\/\/akjournals.com\/view\/journals\/2052\/2052-overview.xml\" target=\"_blank\" rel=\"noopener\">Hungarian Journal of Legal Studies<\/a><\/u>\u00a0(Akad\u00e9miai Kiad\u00f3), des Editorial Board von\u00a0<u><a href=\"https:\/\/www.eaco.eu\/danube-journal\/editorial-board\/\" target=\"_blank\" rel=\"noopener\">DANUBE: Law, Economics and Social Issues Review<\/a><\/u>\u00a0(EACO) sowie des International Editorial Board der\u00a0<u><a href=\"https:\/\/www.prf.unze.ba\/Medj_Uredj_Odbor.html\" target=\"_blank\" rel=\"noopener\">Anali Pravnog Fakultet der Universit\u00e4t Zenica<\/a><\/u>.<\/p>\n\t\t\t\t<\/div>\n\t\t\t<\/div>\n\t\t<\/div>\n\t\t<\/div>\n<\/div>\n<\/div><\/div><\/div><\/div><\/div>","protected":false},"excerpt":{"rendered":"<p>Konrad Lachmayer ist Professor f\u00fcr \u00d6ffentliches Recht, Europarecht und Grundlagen des Rechts an der Fakult\u00e4t f\u00fcr Rechtswissenschaften und Vizedekan der Fakult\u00e4t f\u00fcr Rechtswissenschaften der Sigmund &hellip;<\/p>\n","protected":false},"author":1,"featured_media":17372,"parent":0,"menu_order":0,"comment_status":"closed","ping_status":"closed","template":"","meta":{"footnotes":""},"class_list":["post-465","page","type-page","status-publish","has-post-thumbnail","hentry"],"_links":{"self":[{"href":"https:\/\/www.lachmayer.eu\/de\/wp-json\/wp\/v2\/pages\/465","targetHints":{"allow":["GET"]}}],"collection":[{"href":"https:\/\/www.lachmayer.eu\/de\/wp-json\/wp\/v2\/pages"}],"about":[{"href":"https:\/\/www.lachmayer.eu\/de\/wp-json\/wp\/v2\/types\/page"}],"author":[{"embeddable":true,"href":"https:\/\/www.lachmayer.eu\/de\/wp-json\/wp\/v2\/users\/1"}],"replies":[{"embeddable":true,"href":"https:\/\/www.lachmayer.eu\/de\/wp-json\/wp\/v2\/comments?post=465"}],"version-history":[{"count":3,"href":"https:\/\/www.lachmayer.eu\/de\/wp-json\/wp\/v2\/pages\/465\/revisions"}],"predecessor-version":[{"id":18085,"href":"https:\/\/www.lachmayer.eu\/de\/wp-json\/wp\/v2\/pages\/465\/revisions\/18085"}],"wp:featuredmedia":[{"embeddable":true,"href":"https:\/\/www.lachmayer.eu\/de\/wp-json\/wp\/v2\/media\/17372"}],"wp:attachment":[{"href":"https:\/\/www.lachmayer.eu\/de\/wp-json\/wp\/v2\/media?parent=465"}],"curies":[{"name":"wp","href":"https:\/\/api.w.org\/{rel}","templated":true}]}}